{"id":193,"date":"2021-04-08T18:52:38","date_gmt":"2021-04-08T18:52:38","guid":{"rendered":"https:\/\/arbroservice.ch\/wp\/?page_id=193"},"modified":"2023-03-22T10:04:07","modified_gmt":"2023-03-22T09:04:07","slug":"soins-aux-arbres","status":"publish","type":"page","link":"https:\/\/arbroservice.ch\/?page_id=193","title":{"rendered":"Services"},"content":{"rendered":"\n<div style=\"height:1px\" aria-hidden=\"true\" class=\"wp-block-spacer\"><\/div>\n\n\n\n<h2 class=\"wp-block-heading\">L&rsquo;objectif est de g\u00e9rer le patrimoine arbor\u00e9 pour allier la s\u00e9curit\u00e9 et la mise en valeur des grands arbres et \u00e9galement des arbres et arbustes des jardins priv\u00e9s.<\/h2>\n\n\n\n<h4 class=\"wp-block-heading\">Points trait\u00e9s lors d&rsquo;un diagnostic<\/h4>\n\n\n\n<ul class=\"wp-block-list\">\n<li>La vitalit\u00e9 et la vigueur de l&rsquo;arbre.<\/li>\n\n\n\n<li>L&rsquo;analyse pathologique.<\/li>\n\n\n\n<li>L&rsquo;observation de d\u00e9g\u00e2ts ou blessures sur Ie d\u00e9part du syst\u00e8me racinaire, Ie tronc, les branches charpenti\u00e8res.<\/li>\n\n\n\n<li>Compl\u00e9ment d&rsquo;analyse avec I&rsquo;utilisation du tomographe si n\u00e9cessaire.<\/li>\n\n\n\n<li>Les mesures \u00e0 prendre pour am\u00e9liorer la s\u00e9curit\u00e9 seront \u00e9galement d\u00e9crites.<\/li>\n\n\n\n<li>La synth\u00e8se des \u00e9l\u00e9ments recueillis nous permettra de donner notre avis sur l&rsquo;\u00e9volution des arbres et sur Ie type d&rsquo;interventions nous paraissant Ie plus judicieux pour leur gestion.<\/li>\n<\/ul>\n\n\n\n<h4 class=\"wp-block-heading\">Une fois le diagnostic effectu\u00e9, une strat\u00e9gie est propos\u00e9e, celle-ci comporte:<\/h4>\n\n\n\n<ul class=\"wp-block-list\">\n<li>La taille raisonn\u00e9e respectant la biologie de l&rsquo;arbre.<\/li>\n\n\n\n<li>La mise en place de haubans dans Ie houppier.<\/li>\n<\/ul>\n\n\n\n<h4 class=\"wp-block-heading\">Parfois, une d\u00e9cision d&rsquo;abattage peut se pr\u00e9senter. Dans ce cas de figure nous proposons:<\/h4>\n\n\n\n<ul class=\"wp-block-list\">\n<li>Abattage en toute situation.<\/li>\n\n\n\n<li>Gestion des r\u00e9manents.<\/li>\n\n\n\n<li>Rognage de souches.<\/li>\n\n\n\n<li>Plantation de nouveaux sujets adapt\u00e9s au milieu.<\/li>\n\n\n\n<li>Taille de formation pour de jeunes arbres.<\/li>\n<\/ul>\n","protected":false},"excerpt":{"rendered":"<p>L&rsquo;objectif est de g\u00e9rer le patrimoine arbor\u00e9 pour allier la s\u00e9curit\u00e9 et la mise en valeur des grands arbres et \u00e9galement des arbres et arbustes des jardins priv\u00e9s. Points trait\u00e9s lors d&rsquo;un diagnostic Une fois le diagnostic effectu\u00e9, une strat\u00e9gie est propos\u00e9e, celle-ci comporte: Parfois, une d\u00e9cision d&rsquo;abattage peut se pr\u00e9senter. Dans ce cas de &hellip; <a href=\"https:\/\/arbroservice.ch\/?page_id=193\" class=\"more-link\">Continue reading <span class=\"screen-reader-text\">Services<\/span> <span class=\"meta-nav\">&rarr;<\/span><\/a><\/p>\n","protected":false},"author":1,"featured_media":267,"parent":0,"menu_order":0,"comment_status":"closed","ping_status":"closed","template":"","meta":{"footnotes":""},"class_list":["post-193","page","type-page","status-publish","has-post-thumbnail","hentry"],"_links":{"self":[{"href":"https:\/\/arbroservice.ch\/index.php?rest_route=\/wp\/v2\/pages\/193","targetHints":{"allow":["GET"]}}],"collection":[{"href":"https:\/\/arbroservice.ch\/index.php?rest_route=\/wp\/v2\/pages"}],"about":[{"href":"https:\/\/arbroservice.ch\/index.php?rest_route=\/wp\/v2\/types\/page"}],"author":[{"embeddable":true,"href":"https:\/\/arbroservice.ch\/index.php?rest_route=\/wp\/v2\/users\/1"}],"replies":[{"embeddable":true,"href":"https:\/\/arbroservice.ch\/index.php?rest_route=%2Fwp%2Fv2%2Fcomments&post=193"}],"version-history":[{"count":15,"href":"https:\/\/arbroservice.ch\/index.php?rest_route=\/wp\/v2\/pages\/193\/revisions"}],"predecessor-version":[{"id":473,"href":"https:\/\/arbroservice.ch\/index.php?rest_route=\/wp\/v2\/pages\/193\/revisions\/473"}],"wp:featuredmedia":[{"embeddable":true,"href":"https:\/\/arbroservice.ch\/index.php?rest_route=\/wp\/v2\/media\/267"}],"wp:attachment":[{"href":"https:\/\/arbroservice.ch\/index.php?rest_route=%2Fwp%2Fv2%2Fmedia&parent=193"}],"curies":[{"name":"wp","href":"https:\/\/api.w.org\/{rel}","templated":true}]}}