{"id":24,"date":"2021-03-19T22:02:32","date_gmt":"2021-03-19T22:02:32","guid":{"rendered":"https:\/\/arbroservice.ch\/wp\/?page_id=24"},"modified":"2021-04-23T18:44:12","modified_gmt":"2021-04-23T18:44:12","slug":"realisations","status":"publish","type":"page","link":"https:\/\/arbroservice.ch\/?page_id=24","title":{"rendered":"R\u00e9alisations"},"content":{"rendered":"\n<p><\/p>\n\n\n\n<p><code><div class=\"rl-gallery-container rl-loading\" id=\"rl-gallery-container-1\" data-gallery_id=\"80\"> <div class=\"rl-gallery rl-basicgrid-gallery rl-hover-effect-6\" id=\"rl-gallery-1\" data-gallery_no=\"1\"> <div class=\"rl-gallery-item\"><a href=\"https:\/\/arbroservice.ch\/wp\/wp-content\/uploads\/2021\/04\/taille-securisation-peuplier-delemont-2.jpg\" title=\"Gr\u00e9goire sur un peuplier pour taille de s\u00e9curisation, Del\u00e9mont JU\" data-rl_title=\"Gr\u00e9goire sur un peuplier pour taille de s\u00e9curisation, Del\u00e9mont JU\" class=\"rl-gallery-link\" data-rl_caption=\"Gr\u00e9goire sur un peuplier pour taille de s\u00e9curisation, Del\u00e9mont JU\" data-rel=\"lightbox-gallery-1\"><img loading=\"lazy\" decoding=\"async\" src=\"https:\/\/arbroservice.ch\/wp\/wp-content\/uploads\/2021\/04\/taille-securisation-peuplier-delemont-2-288x300.jpg\" width=\"288\" height=\"300\" alt=\"Gr\u00e9goire sur un peuplier pour taille de s\u00e9curisation, Del\u00e9mont JU\"\/><span class=\"rl-gallery-caption\"><span class=\"rl-gallery-item-caption\">Gr\u00e9goire sur un peuplier pour taille de s\u00e9curisation, Del\u00e9mont JU<\/span><\/span><\/a><\/div><div class=\"rl-gallery-item\"><a href=\"https:\/\/arbroservice.ch\/wp\/wp-content\/uploads\/2021\/04\/IMG_2326-rotated.jpg\" title=\"R\u00e9colte de c\u00f4nes\" data-rl_title=\"R\u00e9colte de c\u00f4nes\" class=\"rl-gallery-link\" data-rl_caption=\"R\u00e9colte de c\u00f4nes\" data-rel=\"lightbox-gallery-1\"><img loading=\"lazy\" decoding=\"async\" src=\"https:\/\/arbroservice.ch\/wp\/wp-content\/uploads\/2021\/04\/IMG_2326-225x300.jpg\" width=\"225\" height=\"300\" alt=\"\"\/><span class=\"rl-gallery-caption\"><span class=\"rl-gallery-item-caption\">R\u00e9colte de c\u00f4nes<\/span><\/span><\/a><\/div><div class=\"rl-gallery-item\"><a href=\"https:\/\/arbroservice.ch\/wp\/wp-content\/uploads\/2021\/04\/IMG_1565-rotated.jpg\" title=\"R\u00e9duction d&rsquo;un Gincko avec Damien \u00e0 Neuch\u00e2tel NE\" data-rl_title=\"R\u00e9duction d&rsquo;un Gincko avec Damien \u00e0 Neuch\u00e2tel NE\" class=\"rl-gallery-link\" data-rl_caption=\"R\u00e9duction d&#039;un Gincko avec Damien \u00e0 Neuch\u00e2tel NE\" data-rel=\"lightbox-gallery-1\"><img loading=\"lazy\" decoding=\"async\" src=\"https:\/\/arbroservice.ch\/wp\/wp-content\/uploads\/2021\/04\/IMG_1565-225x300.jpg\" width=\"225\" height=\"300\" alt=\"\"\/><span class=\"rl-gallery-caption\"><span class=\"rl-gallery-item-caption\">R\u00e9duction d&#039;un Gincko avec Damien \u00e0 Neuch\u00e2tel NE<\/span><\/span><\/a><\/div><div class=\"rl-gallery-item\"><a href=\"https:\/\/arbroservice.ch\/wp\/wp-content\/uploads\/2021\/04\/5bc0eca8-0ae3-421b-8f55-77ce15ec49f3.jpg\" title=\"Suppression d&rsquo;un nid de frelons au Noirmont JU\" data-rl_title=\"Suppression d&rsquo;un nid de frelons au Noirmont JU\" class=\"rl-gallery-link\" data-rl_caption=\"Suppression d&#039;un nid de frelons au Noirmont JU\" data-rel=\"lightbox-gallery-1\"><img loading=\"lazy\" decoding=\"async\" src=\"https:\/\/arbroservice.ch\/wp\/wp-content\/uploads\/2021\/04\/5bc0eca8-0ae3-421b-8f55-77ce15ec49f3-225x300.jpg\" width=\"225\" height=\"300\" alt=\"\"\/><span class=\"rl-gallery-caption\"><span class=\"rl-gallery-item-caption\">Suppression d&#039;un nid de frelons au Noirmont JU<\/span><\/span><\/a><\/div><div class=\"rl-gallery-item\"><a href=\"https:\/\/arbroservice.ch\/wp\/wp-content\/uploads\/2021\/04\/6d962ebf-ddd7-41dc-9567-b74f30d77c00.jpg\" title=\"Suppression d&rsquo;un nid de frelons au Noirmont JU\" data-rl_title=\"Suppression d&rsquo;un nid de frelons au Noirmont JU\" class=\"rl-gallery-link\" data-rl_caption=\"Suppression d&#039;un nid de frelons au Noirmont JU\" data-rel=\"lightbox-gallery-1\"><img loading=\"lazy\" decoding=\"async\" src=\"https:\/\/arbroservice.ch\/wp\/wp-content\/uploads\/2021\/04\/6d962ebf-ddd7-41dc-9567-b74f30d77c00-225x300.jpg\" width=\"225\" height=\"300\" alt=\"\"\/><span class=\"rl-gallery-caption\"><span class=\"rl-gallery-item-caption\">Suppression d&#039;un nid de frelons au Noirmont JU<\/span><\/span><\/a><\/div><div class=\"rl-gallery-item\"><a href=\"https:\/\/arbroservice.ch\/wp\/wp-content\/uploads\/2021\/04\/VueLacEtAlpes.jpg\" title=\"Taille d&rsquo;entretien d&rsquo;un c\u00e8dre avec vue sur les Alpes\" data-rl_title=\"Taille d&rsquo;entretien d&rsquo;un c\u00e8dre avec vue sur les Alpes\" class=\"rl-gallery-link\" data-rl_caption=\"Taille d&#039;entretien d&#039;un c\u00e8dre avec vue sur les Alpes\" data-rel=\"lightbox-gallery-1\"><img loading=\"lazy\" decoding=\"async\" src=\"https:\/\/arbroservice.ch\/wp\/wp-content\/uploads\/2021\/04\/VueLacEtAlpes-300x225.jpg\" width=\"300\" height=\"225\" alt=\"\"\/><span class=\"rl-gallery-caption\"><span class=\"rl-gallery-item-caption\">Taille d&#039;entretien d&#039;un c\u00e8dre avec vue sur les Alpes<\/span><\/span><\/a><\/div><div class=\"rl-gallery-item\"><a href=\"https:\/\/arbroservice.ch\/wp\/wp-content\/uploads\/2021\/04\/taille-entretien-hetre-cdf-2-1.jpg\" title=\"Taille d&rsquo;entretien d&rsquo;un h\u00eatre, La Chaux-de-Fonds NE\" data-rl_title=\"Taille d&rsquo;entretien d&rsquo;un h\u00eatre, La Chaux-de-Fonds NE\" class=\"rl-gallery-link\" data-rl_caption=\"Taille d&#039;entretien d&#039;un h\u00eatre, La Chaux-de-Fonds NE\" data-rel=\"lightbox-gallery-1\"><img loading=\"lazy\" decoding=\"async\" src=\"https:\/\/arbroservice.ch\/wp\/wp-content\/uploads\/2021\/04\/taille-entretien-hetre-cdf-2-1-288x300.jpg\" width=\"288\" height=\"300\" alt=\"Taille d&#039;entretien d&#039;un h\u00eatre, La Chaux-de-Fonds NE\"\/><span class=\"rl-gallery-caption\"><span class=\"rl-gallery-item-caption\">Taille d&#039;entretien d&#039;un h\u00eatre, La Chaux-de-Fonds NE<\/span><\/span><\/a><\/div><div class=\"rl-gallery-item\"><a href=\"https:\/\/arbroservice.ch\/wp\/wp-content\/uploads\/2021\/04\/taille-entretien-hetre-cdf-1.jpg\" title=\"Taille d&rsquo;entretien d&rsquo;un h\u00eatre, Rochefort NE\" data-rl_title=\"Taille d&rsquo;entretien d&rsquo;un h\u00eatre, Rochefort NE\" class=\"rl-gallery-link\" data-rl_caption=\"Taille d&#039;entretien d&#039;un h\u00eatre, Rochefort NE\" data-rel=\"lightbox-gallery-1\"><img loading=\"lazy\" decoding=\"async\" src=\"https:\/\/arbroservice.ch\/wp\/wp-content\/uploads\/2021\/04\/taille-entretien-hetre-cdf-1-288x300.jpg\" width=\"288\" height=\"300\" alt=\"\"\/><span class=\"rl-gallery-caption\"><span class=\"rl-gallery-item-caption\">Taille d&#039;entretien d&#039;un h\u00eatre, Rochefort NE<\/span><\/span><\/a><\/div><div class=\"rl-gallery-item\"><a href=\"https:\/\/arbroservice.ch\/wp\/wp-content\/uploads\/2021\/04\/IMG_1457-rotated.jpg\" title=\"Taille d&rsquo;entretien d&rsquo;un s\u00e9quoia \u00e0 Bienne BE\" data-rl_title=\"Taille d&rsquo;entretien d&rsquo;un s\u00e9quoia \u00e0 Bienne BE\" class=\"rl-gallery-link\" data-rl_caption=\"Taille d&#039;entretien d&#039;un s\u00e9quoia \u00e0 Bienne BE\" data-rel=\"lightbox-gallery-1\"><img loading=\"lazy\" decoding=\"async\" src=\"https:\/\/arbroservice.ch\/wp\/wp-content\/uploads\/2021\/04\/IMG_1457-225x300.jpg\" width=\"225\" height=\"300\" alt=\"\"\/><span class=\"rl-gallery-caption\"><span class=\"rl-gallery-item-caption\">Taille d&#039;entretien d&#039;un s\u00e9quoia \u00e0 Bienne BE<\/span><\/span><\/a><\/div><div class=\"rl-gallery-item\"><a href=\"https:\/\/arbroservice.ch\/wp\/wp-content\/uploads\/2021\/04\/bg-2.jpg\" title=\"Taille d&rsquo;entretien d&rsquo;un s\u00e9quoia \u00e0 Neuch\u00e2tel NE\" data-rl_title=\"Taille d&rsquo;entretien d&rsquo;un s\u00e9quoia \u00e0 Neuch\u00e2tel NE\" class=\"rl-gallery-link\" data-rl_caption=\"Taille d&#039;entretien d&#039;un s\u00e9quoia \u00e0 Neuch\u00e2tel NE\" data-rel=\"lightbox-gallery-1\"><img loading=\"lazy\" decoding=\"async\" src=\"https:\/\/arbroservice.ch\/wp\/wp-content\/uploads\/2021\/04\/bg-2-300x169.jpg\" width=\"300\" height=\"169\" alt=\"\"\/><span class=\"rl-gallery-caption\"><span class=\"rl-gallery-item-caption\">Taille d&#039;entretien d&#039;un s\u00e9quoia \u00e0 Neuch\u00e2tel NE<\/span><\/span><\/a><\/div><div class=\"rl-gallery-item\"><a href=\"https:\/\/arbroservice.ch\/wp\/wp-content\/uploads\/2021\/04\/IMG_1540-rotated.jpg\" title=\"Taille d&rsquo;un \u00e9pic\u00e9a \u00e0 Bellelay BE\" data-rl_title=\"Taille d&rsquo;un \u00e9pic\u00e9a \u00e0 Bellelay BE\" class=\"rl-gallery-link\" data-rl_caption=\"Taille d&#039;un \u00e9pic\u00e9a \u00e0 Bellelay BE\" data-rel=\"lightbox-gallery-1\"><img loading=\"lazy\" decoding=\"async\" src=\"https:\/\/arbroservice.ch\/wp\/wp-content\/uploads\/2021\/04\/IMG_1540-225x300.jpg\" width=\"225\" height=\"300\" alt=\"\"\/><span class=\"rl-gallery-caption\"><span class=\"rl-gallery-item-caption\">Taille d&#039;un \u00e9pic\u00e9a \u00e0 Bellelay BE<\/span><\/span><\/a><\/div><div class=\"rl-gallery-item\"><a href=\"https:\/\/arbroservice.ch\/wp\/wp-content\/uploads\/2021\/04\/Taille-de-securisation-vord-du-lac-de-Bienne.jpeg\" title=\"Taille de s\u00e9curisation au bord du lac de Bienne BE\" data-rl_title=\"Taille de s\u00e9curisation au bord du lac de Bienne BE\" class=\"rl-gallery-link\" data-rl_caption=\"Taille de s\u00e9curisation au bord du lac de Bienne BE\" data-rel=\"lightbox-gallery-1\"><img loading=\"lazy\" decoding=\"async\" src=\"https:\/\/arbroservice.ch\/wp\/wp-content\/uploads\/2021\/04\/Taille-de-securisation-vord-du-lac-de-Bienne-300x225.jpeg\" width=\"300\" height=\"225\" alt=\"\"\/><span class=\"rl-gallery-caption\"><span class=\"rl-gallery-item-caption\">Taille de s\u00e9curisation au bord du lac de Bienne BE<\/span><\/span><\/a><\/div><div class=\"rl-gallery-item\"><a href=\"https:\/\/arbroservice.ch\/wp\/wp-content\/uploads\/2021\/04\/taille-securisation-peuplier-delemont-1.jpg\" title=\"Taille de s\u00e9curisation d&rsquo;un peuplier Del\u00e9mont JU\" data-rl_title=\"Taille de s\u00e9curisation d&rsquo;un peuplier Del\u00e9mont JU\" class=\"rl-gallery-link\" data-rl_caption=\"Taille de s\u00e9curisation d&#039;un peuplier Del\u00e9mont JU\" data-rel=\"lightbox-gallery-1\"><img loading=\"lazy\" decoding=\"async\" src=\"https:\/\/arbroservice.ch\/wp\/wp-content\/uploads\/2021\/04\/taille-securisation-peuplier-delemont-1-288x300.jpg\" width=\"288\" height=\"300\" alt=\"Taille de s\u00e9curisation d&#039;un peuplier Del\u00e9mont JU\"\/><span class=\"rl-gallery-caption\"><span class=\"rl-gallery-item-caption\">Taille de s\u00e9curisation d&#039;un peuplier Del\u00e9mont JU<\/span><\/span><\/a><\/div><div class=\"rl-gallery-item\"><a href=\"https:\/\/arbroservice.ch\/wp\/wp-content\/uploads\/2021\/04\/Taille-de-securisation-Sonvilier.jpeg\" title=\"Taille de s\u00e9curisation d&rsquo;un tilleul avec Lo\u00efc, Sonvilier JU\" data-rl_title=\"Taille de s\u00e9curisation d&rsquo;un tilleul avec Lo\u00efc, Sonvilier JU\" class=\"rl-gallery-link\" data-rl_caption=\"Taille de s\u00e9curisation d&#039;un tilleul avec Lo\u00efc, Sonvilier JU\" data-rel=\"lightbox-gallery-1\"><img loading=\"lazy\" decoding=\"async\" src=\"https:\/\/arbroservice.ch\/wp\/wp-content\/uploads\/2021\/04\/Taille-de-securisation-Sonvilier-225x300.jpeg\" width=\"225\" height=\"300\" alt=\"\"\/><span class=\"rl-gallery-caption\"><span class=\"rl-gallery-item-caption\">Taille de s\u00e9curisation d&#039;un tilleul avec Lo\u00efc, Sonvilier JU<\/span><\/span><\/a><\/div><div class=\"rl-gallery-item\"><a href=\"https:\/\/arbroservice.ch\/wp\/wp-content\/uploads\/2021\/04\/taille-securisation-courrendlin.jpg\" title=\"Taille de s\u00e9curisation, Courrendlin JU\" data-rl_title=\"Taille de s\u00e9curisation, Courrendlin JU\" class=\"rl-gallery-link\" data-rl_caption=\"Taille de s\u00e9curisation, Courrendlin JU\" data-rel=\"lightbox-gallery-1\"><img loading=\"lazy\" decoding=\"async\" src=\"https:\/\/arbroservice.ch\/wp\/wp-content\/uploads\/2021\/04\/taille-securisation-courrendlin-288x300.jpg\" width=\"288\" height=\"300\" alt=\"\"\/><span class=\"rl-gallery-caption\"><span class=\"rl-gallery-item-caption\">Taille de s\u00e9curisation, Courrendlin JU<\/span><\/span><\/a><\/div><div class=\"rl-gallery-item\"><a href=\"https:\/\/arbroservice.ch\/wp\/wp-content\/uploads\/2021\/04\/taille-entretien-hetre-cdf-2.jpg\" title=\"Taille d\u2019entretien d&rsquo;un h\u00eatre La Chaux-de-Fonds NE\" data-rl_title=\"Taille d\u2019entretien d&rsquo;un h\u00eatre La Chaux-de-Fonds NE\" class=\"rl-gallery-link\" data-rl_caption=\"Taille d\u2019entretien d&#039;un h\u00eatre La Chaux-de-Fonds NE\" data-rel=\"lightbox-gallery-1\"><img loading=\"lazy\" decoding=\"async\" src=\"https:\/\/arbroservice.ch\/wp\/wp-content\/uploads\/2021\/04\/taille-entretien-hetre-cdf-2-288x300.jpg\" width=\"288\" height=\"300\" alt=\"\"\/><span class=\"rl-gallery-caption\"><span class=\"rl-gallery-item-caption\">Taille d\u2019entretien d&#039;un h\u00eatre La Chaux-de-Fonds NE<\/span><\/span><\/a><\/div><div class=\"rl-gallery-item\"><a href=\"https:\/\/arbroservice.ch\/wp\/wp-content\/uploads\/2021\/04\/taille-entretien-hetre-porrentruy.jpg\" title=\"Taille d\u2019entretien d&rsquo;un h\u00eatre Porrentruy JU\" data-rl_title=\"Taille d\u2019entretien d&rsquo;un h\u00eatre Porrentruy JU\" class=\"rl-gallery-link\" data-rl_caption=\"Taille d\u2019entretien d&#039;un h\u00eatre Porrentruy JU\" data-rel=\"lightbox-gallery-1\"><img loading=\"lazy\" decoding=\"async\" src=\"https:\/\/arbroservice.ch\/wp\/wp-content\/uploads\/2021\/04\/taille-entretien-hetre-porrentruy-288x300.jpg\" width=\"288\" height=\"300\" alt=\"\"\/><span class=\"rl-gallery-caption\"><span class=\"rl-gallery-item-caption\">Taille d\u2019entretien d&#039;un h\u00eatre Porrentruy JU<\/span><\/span><\/a><\/div><div class=\"rl-gallery-item\"><a href=\"https:\/\/arbroservice.ch\/wp\/wp-content\/uploads\/2021\/04\/taille-eclaircissement-cedre-saint-aubin-sauges.jpg\" title=\"Taille \u00e9claircissement d&rsquo;un c\u00e8dre Saint-Aubin, Sauges NE\" data-rl_title=\"Taille \u00e9claircissement d&rsquo;un c\u00e8dre Saint-Aubin, Sauges NE\" class=\"rl-gallery-link\" data-rl_caption=\"Taille \u00e9claircissement d&#039;un c\u00e8dre Saint-Aubin, Sauges NE\" data-rel=\"lightbox-gallery-1\"><img loading=\"lazy\" decoding=\"async\" src=\"https:\/\/arbroservice.ch\/wp\/wp-content\/uploads\/2021\/04\/taille-eclaircissement-cedre-saint-aubin-sauges-288x300.jpg\" width=\"288\" height=\"300\" alt=\"\"\/><span class=\"rl-gallery-caption\"><span class=\"rl-gallery-item-caption\">Taille \u00e9claircissement d&#039;un c\u00e8dre Saint-Aubin, Sauges NE<\/span><\/span><\/a><\/div><div class=\"rl-gallery-item\"><a href=\"https:\/\/arbroservice.ch\/wp\/wp-content\/uploads\/2021\/04\/IMG_0050-rotated.jpg\" title=\"Test de traction\" data-rl_title=\"Test de traction\" class=\"rl-gallery-link\" data-rl_caption=\"Test de traction\" data-rel=\"lightbox-gallery-1\"><img loading=\"lazy\" decoding=\"async\" src=\"https:\/\/arbroservice.ch\/wp\/wp-content\/uploads\/2021\/04\/IMG_0050-225x300.jpg\" width=\"225\" height=\"300\" alt=\"\"\/><span class=\"rl-gallery-caption\"><span class=\"rl-gallery-item-caption\">Test de traction<\/span><\/span><\/a><\/div><div class=\"rl-gallery-item\"><a href=\"https:\/\/arbroservice.ch\/wp\/wp-content\/uploads\/2021\/04\/IMG_0055.jpg\" title=\"Test de traction avec Nicolas B\u00e9guin d&rsquo;Arboristes-Conseils sur un Tilleul \u00e0 Del\u00e9mont JU\" data-rl_title=\"Test de traction avec Nicolas B\u00e9guin d&rsquo;Arboristes-Conseils sur un Tilleul \u00e0 Del\u00e9mont JU\" class=\"rl-gallery-link\" data-rl_caption=\"Test de traction avec Nicolas B\u00e9guin d&#039;Arboristes-Conseils sur un Tilleul \u00e0 Del\u00e9mont JU\" data-rel=\"lightbox-gallery-1\"><img loading=\"lazy\" decoding=\"async\" src=\"https:\/\/arbroservice.ch\/wp\/wp-content\/uploads\/2021\/04\/IMG_0055-300x225.jpg\" width=\"300\" height=\"225\" alt=\"\"\/><span class=\"rl-gallery-caption\"><span class=\"rl-gallery-item-caption\">Test de traction avec Nicolas B\u00e9guin d&#039;Arboristes-Conseils sur un Tilleul \u00e0 Del\u00e9mont JU<\/span><\/span><\/a><\/div><div class=\"rl-gallery-item\"><a href=\"https:\/\/arbroservice.ch\/wp\/wp-content\/uploads\/2021\/04\/IMG_0680-rotated.jpg\" title=\"Tilleul \u00e0 la chapelle de St-Imier, Lugnez JU\" data-rl_title=\"Tilleul \u00e0 la chapelle de St-Imier, Lugnez JU\" class=\"rl-gallery-link\" data-rl_caption=\"Tilleul \u00e0 la chapelle de St-Imier, Lugnez JU\" data-rel=\"lightbox-gallery-1\"><img loading=\"lazy\" decoding=\"async\" src=\"https:\/\/arbroservice.ch\/wp\/wp-content\/uploads\/2021\/04\/IMG_0680-225x300.jpg\" width=\"225\" height=\"300\" alt=\"\"\/><span class=\"rl-gallery-caption\"><span class=\"rl-gallery-item-caption\">Tilleul \u00e0 la chapelle de St-Imier, Lugnez JU<\/span><\/span><\/a><\/div><div class=\"rl-gallery-item\"><a href=\"https:\/\/arbroservice.ch\/wp\/wp-content\/uploads\/2021\/04\/IMG_1444.jpg\" title=\"Travaux de s\u00e9curisation du cytise avec les membres de l&rsquo;ASSA, Cerlatez JU\" data-rl_title=\"Travaux de s\u00e9curisation du cytise avec les membres de l&rsquo;ASSA, Cerlatez JU\" class=\"rl-gallery-link\" data-rl_caption=\"Travaux de s\u00e9curisation du cytise avec les membres de l&#039;ASSA, Cerlatez JU\" data-rel=\"lightbox-gallery-1\"><img loading=\"lazy\" decoding=\"async\" src=\"https:\/\/arbroservice.ch\/wp\/wp-content\/uploads\/2021\/04\/IMG_1444-300x225.jpg\" width=\"300\" height=\"225\" alt=\"\"\/><span class=\"rl-gallery-caption\"><span class=\"rl-gallery-item-caption\">Travaux de s\u00e9curisation du cytise avec les membres de l&#039;ASSA, Cerlatez JU<\/span><\/span><\/a><\/div> <\/div> <\/div><\/code><\/p>\n","protected":false},"excerpt":{"rendered":"","protected":false},"author":1,"featured_media":330,"parent":0,"menu_order":0,"comment_status":"closed","ping_status":"closed","template":"","meta":{"footnotes":""},"class_list":["post-24","page","type-page","status-publish","has-post-thumbnail","hentry"],"_links":{"self":[{"href":"https:\/\/arbroservice.ch\/index.php?rest_route=\/wp\/v2\/pages\/24","targetHints":{"allow":["GET"]}}],"collection":[{"href":"https:\/\/arbroservice.ch\/index.php?rest_route=\/wp\/v2\/pages"}],"about":[{"href":"https:\/\/arbroservice.ch\/index.php?rest_route=\/wp\/v2\/types\/page"}],"author":[{"embeddable":true,"href":"https:\/\/arbroservice.ch\/index.php?rest_route=\/wp\/v2\/users\/1"}],"replies":[{"embeddable":true,"href":"https:\/\/arbroservice.ch\/index.php?rest_route=%2Fwp%2Fv2%2Fcomments&post=24"}],"version-history":[{"count":4,"href":"https:\/\/arbroservice.ch\/index.php?rest_route=\/wp\/v2\/pages\/24\/revisions"}],"predecessor-version":[{"id":217,"href":"https:\/\/arbroservice.ch\/index.php?rest_route=\/wp\/v2\/pages\/24\/revisions\/217"}],"wp:featuredmedia":[{"embeddable":true,"href":"https:\/\/arbroservice.ch\/index.php?rest_route=\/wp\/v2\/media\/330"}],"wp:attachment":[{"href":"https:\/\/arbroservice.ch\/index.php?rest_route=%2Fwp%2Fv2%2Fmedia&parent=24"}],"curies":[{"name":"wp","href":"https:\/\/api.w.org\/{rel}","templated":true}]}}